{"id":1210,"date":"2013-12-19T11:02:26","date_gmt":"2013-12-19T10:02:26","guid":{"rendered":"https:\/\/www.svenskkniv.se\/?page_id=1210"},"modified":"2024-06-30T12:26:35","modified_gmt":"2024-06-30T10:26:35","slug":"arans-hus","status":"publish","type":"page","link":"https:\/\/www.svenskkniv.se\/?page_id=1210","title":{"rendered":"\u00c4rans Hus"},"content":{"rendered":"<p><a href=\"https:\/\/www.svenskkniv.se\/wp-content\/uploads\/2016\/03\/\u00c4ransHus.jpg\"><img loading=\"lazy\" decoding=\"async\" class=\"size-medium wp-image-2051 alignright\" src=\"https:\/\/www.svenskkniv.se\/wp-content\/uploads\/2016\/03\/\u00c4ransHus-300x204.jpg\" alt=\"\u00c4ransHus\" width=\"300\" height=\"204\" srcset=\"https:\/\/www.svenskkniv.se\/wp-content\/uploads\/2016\/03\/\u00c4ransHus-300x204.jpg 300w, https:\/\/www.svenskkniv.se\/wp-content\/uploads\/2016\/03\/\u00c4ransHus-219x150.jpg 219w, https:\/\/www.svenskkniv.se\/wp-content\/uploads\/2016\/03\/\u00c4ransHus-150x102.jpg 150w, https:\/\/www.svenskkniv.se\/wp-content\/uploads\/2016\/03\/\u00c4ransHus.jpg 473w\" sizes=\"auto, (max-width: 300px) 100vw, 300px\" \/><\/a><strong>\u00c4rans Hus \u00e4r en hederstitel som tilldelas personer som haft stor betydelse f\u00f6r knivmakeriet i Sverige. Det \u00e4r styrelsen f\u00f6r Svensk Knivf\u00f6rening som utser de personer som tilldelas denna hederstitel.<\/strong><\/p>\n<div class=\"gca-column one-fourth first\"><a href=\"https:\/\/www.svenskkniv.se\/wp-content\/uploads\/2018\/03\/KAJ-E.jpg\"><img loading=\"lazy\" decoding=\"async\" class=\"alignnone size-thumbnail wp-image-2629\" src=\"https:\/\/www.svenskkniv.se\/wp-content\/uploads\/2018\/03\/KAJ-E-150x150.jpg\" alt=\"\" width=\"150\" height=\"150\" \/><\/a><\/div><div class=\"gca-column one-fourth\"><strong>2006 Stol nr 1, \u00a0Kaj Embretsen<\/strong><br \/>Motivering: &#8221;<em>Han \u00e4r den som betytt mest f\u00f6r att g\u00f6ra svensk knivkonst k\u00e4nd utanf\u00f6r landets gr\u00e4nser, samt en av dem som tydligast v\u00e5gat visa v\u00e4gen f\u00f6r svenskt knivmakeri.<\/em>&#8221;<\/div><div class=\"gca-column one-fourth\"><a href=\"https:\/\/www.svenskkniv.se\/wp-content\/uploads\/2018\/03\/CONNY.jpg\"><img loading=\"lazy\" decoding=\"async\" class=\"alignnone size-thumbnail wp-image-2626\" src=\"https:\/\/www.svenskkniv.se\/wp-content\/uploads\/2018\/03\/CONNY-150x150.jpg\" alt=\"\" width=\"150\" height=\"150\" \/><\/a><\/div><div class=\"gca-column one-fourth\"><strong>2008 Stol nr 2, Conny Persson<\/strong><br \/>Motivering: &#8221;<em>Han \u00e4r en sann pionj\u00e4r inom damasksmidet som med sin noggrannhet och k\u00e4nsla f\u00f6r st\u00e5let har lett utvecklingen f\u00f6r svenskt smide fram\u00e5t till dagens internationella topposition<\/em>&#8221;<\/div>\n<div class=\"gca-column one-fourth first\"><a href=\"https:\/\/www.svenskkniv.se\/wp-content\/uploads\/2018\/03\/ANDERS-HO\u0308O\u0308K.jpg\"><img loading=\"lazy\" decoding=\"async\" class=\"alignnone size-thumbnail wp-image-2625\" src=\"https:\/\/www.svenskkniv.se\/wp-content\/uploads\/2018\/03\/ANDERS-HO\u0308O\u0308K-150x150.jpg\" alt=\"\" width=\"150\" height=\"150\" \/><\/a><\/div><div class=\"gca-column one-fourth\"><strong>2009 Stol nr 3, Anders H\u00f6\u00f6k<\/strong><br \/>Motivering: &#8221;<em>Han \u00e4r en sann eldsj\u00e4l och pionj\u00e4r inom svenskt knivmakeri och personifierar f\u00f6r de flesta det som kommit att vara sj\u00e4lva grundvalen f\u00f6r v\u00e5r utst\u00e4llnings- och t\u00e4vlingsverksamhet.<\/em>&#8221;<\/div><div class=\"gca-column one-fourth\"><a href=\"https:\/\/www.svenskkniv.se\/wp-content\/uploads\/2018\/03\/JAN.jpg\"><img loading=\"lazy\" decoding=\"async\" class=\"alignnone size-thumbnail wp-image-2627\" src=\"https:\/\/www.svenskkniv.se\/wp-content\/uploads\/2018\/03\/JAN-150x150.jpg\" alt=\"\" width=\"150\" height=\"150\" \/><\/a><\/div><div class=\"gca-column one-fourth\"><strong>2010 Stol nr 4: Jan Bergstrand<\/strong><br \/>Motivering: &#8221;<em>Han \u00e4r en stor profil i\u00a0Knivsverige\u00a0med en aldrig sinande entusiasm. Hans\u00a0id\u00e9rikedom, konstn\u00e4rskap och hans brinnande intresse f\u00f6r att driva utvecklingen inom svenskt knivmakeri \u00e4r unikt.<\/em>&#8221;<\/div>\n<div class=\"gca-column one-fourth first\"><a href=\"https:\/\/www.svenskkniv.se\/wp-content\/uploads\/2018\/03\/stig-a\u030akerblom.jpg\"><img loading=\"lazy\" decoding=\"async\" class=\"alignnone size-thumbnail wp-image-2632\" src=\"https:\/\/www.svenskkniv.se\/wp-content\/uploads\/2018\/03\/stig-a\u030akerblom-150x150.jpg\" alt=\"\" width=\"150\" height=\"150\" \/><\/a><\/div><div class=\"gca-column one-fourth\"><strong>2011 Stol nr 5: Stig \u00c5kerblom<\/strong><br \/>Motivering: &#8221;<em>Hans ledarskap och engagemang har verksamt bidragit till att forma Svensk Knivf\u00f6rening och utveckla knivmakarr\u00f6relsen i Sverige<\/em>&#8221;<\/div><div class=\"gca-column one-fourth\"><a href=\"https:\/\/www.svenskkniv.se\/wp-content\/uploads\/2018\/03\/Jonny.jpg\"><img loading=\"lazy\" decoding=\"async\" class=\"alignnone size-thumbnail wp-image-2628\" src=\"https:\/\/www.svenskkniv.se\/wp-content\/uploads\/2018\/03\/Jonny-150x150.jpg\" alt=\"\" width=\"150\" height=\"150\" \/><\/a><\/div><div class=\"gca-column one-fourth\"><strong>2012 Stol nr 6: Jonny W Nilsson<\/strong><br \/>Motivering: &#8221;<em>Som en av Sveriges skickligaste knivmakare har Jonny, med sin unika kompetens, satt b\u00e5de gravyr och hornknivsmakeri p\u00e5 v\u00e4rldskartan. Detta faktum tillsammans med ett m\u00e5ng\u00e5rigt engagemang i Svensk knivf\u00f6rening g\u00f6r att JWN tilldelas stol nr 6 i \u00c4rans Hus.<\/em>&#8221;<\/div>\n<div class=\"gca-column one-fourth first\"><a href=\"https:\/\/www.svenskkniv.se\/wp-content\/uploads\/2018\/03\/OWE.jpg\"><img loading=\"lazy\" decoding=\"async\" class=\"alignnone size-thumbnail wp-image-2631\" src=\"https:\/\/www.svenskkniv.se\/wp-content\/uploads\/2018\/03\/OWE-150x150.jpg\" alt=\"\" width=\"150\" height=\"150\" \/><\/a><\/div><div class=\"gca-column one-fourth\"><strong>2013 Stol nr 7: Owe Wallin<\/strong><br \/>Motivering: <em>Owe har under sina \u00e5r i Ludvika och annorst\u00e4des bjudit p\u00e5 sig sj\u00e4lv och g\u00e4rna delat med sig av de uppt\u00e4ckter som har sporrat honom att utveckla nya enkla l\u00f6sningar till s\u00e5v\u00e4l skaft som slida. Kort sagt en hj\u00e4lpsam kollega inom v\u00e5ra led till gagn f\u00f6r s\u00e5v\u00e4l nyb\u00f6rjaren som eliten.<\/em>&#8221;<\/div><div class=\"gca-column one-fourth\"><a href=\"https:\/\/www.svenskkniv.se\/wp-content\/uploads\/2018\/03\/LASZLO.jpg\"><img loading=\"lazy\" decoding=\"async\" class=\"alignnone size-thumbnail wp-image-2630\" src=\"https:\/\/www.svenskkniv.se\/wp-content\/uploads\/2018\/03\/LASZLO-150x150.jpg\" alt=\"\" width=\"150\" height=\"150\" \/><\/a><\/div><div class=\"gca-column one-fourth\"><strong>2015 Stol nr 8: Laszlo Balatoni<\/strong><br \/>Motivering: &#8221;<em>Under snart tv\u00e5 decennier har Laszlo Balatoni varit med och utvecklat det moderna knivmakeriet i Sverige. Hans enkla linjespel till hj\u00e4lp f\u00f6r smakfull form och funktion har satt sin pr\u00e4gel p\u00e5 alltifr\u00e5n bladsmide till dagens premierade t\u00e4vlingsknivar och visat s\u00e5v\u00e4l den erfarne knivmakare som nyb\u00f6rjaren v\u00e4gen till att finna harmoni mellan blad och skaft i hantverket.<\/em>&#8221;<\/div>\n<div class=\"gca-column one-fourth first\"><a href=\"https:\/\/www.svenskkniv.se\/wp-content\/uploads\/2018\/03\/ANDERS-HEDLUND.jpg\"><img loading=\"lazy\" decoding=\"async\" class=\"alignnone size-thumbnail wp-image-2624\" src=\"https:\/\/www.svenskkniv.se\/wp-content\/uploads\/2018\/03\/ANDERS-HEDLUND-150x150.jpg\" alt=\"\" width=\"150\" height=\"150\" \/><\/a><\/div><div class=\"gca-column one-fourth\"><strong>2017 Stol nr 9: Anders Hedlund<\/strong><br \/>Motivering: <em>&#8221;Anders har blivit en av svensk knivmakarkonsts internationella fixstj\u00e4rnor, som dessutom fortfarande ser det som en sj\u00e4lvklarhet att p\u00e5 ett v\u00e4nligt och pedagogiskt s\u00e4tt hj\u00e4lpa andra att utvecklas. Genom sina t\u00e4vlingsframg\u00e5ngar har han dessutom flyttat gr\u00e4nserna f\u00f6r v\u00e5rt konsthantverk.&#8221;<\/em><\/div><div class=\"gca-column one-fourth\"><img loading=\"lazy\" decoding=\"async\" class=\"aligncenter size-medium wp-image-3439\" src=\"https:\/\/www.svenskkniv.se\/wp-content\/uploads\/2019\/12\/DSC7251-300x300.jpg\" alt=\"\" width=\"300\" height=\"300\" srcset=\"https:\/\/www.svenskkniv.se\/wp-content\/uploads\/2019\/12\/DSC7251-300x300.jpg 300w, https:\/\/www.svenskkniv.se\/wp-content\/uploads\/2019\/12\/DSC7251-1024x1024.jpg 1024w, https:\/\/www.svenskkniv.se\/wp-content\/uploads\/2019\/12\/DSC7251-150x150.jpg 150w, https:\/\/www.svenskkniv.se\/wp-content\/uploads\/2019\/12\/DSC7251-768x768.jpg 768w, https:\/\/www.svenskkniv.se\/wp-content\/uploads\/2019\/12\/DSC7251-1536x1536.jpg 1536w, https:\/\/www.svenskkniv.se\/wp-content\/uploads\/2019\/12\/DSC7251.jpg 2048w\" sizes=\"auto, (max-width: 300px) 100vw, 300px\" \/><\/div><div class=\"gca-column one-fourth\"><strong>2019 Stol nr 10: Jan\u00a0 Martinsson<br \/><\/strong><span class=\"s1\">Motivering: <em>\u201dJan Martinsson har p\u00e5 ett unikt s\u00e4tt varit med och p\u00e5verkat knivverksamheten i Sverige genom lokalt och nationellt f\u00f6renings-<\/em><br \/><em>arbete, kursverksamhet, f\u00f6rfattarskap och som domare i m\u00e5nga sammanhang, kort sagt inom alla t\u00e4nkbara omr\u00e5den.\u201d <\/em><\/span><\/div>\n<div class=\"gca-column one-fourth first\"><a href=\"https:\/\/www.svenskkniv.se\/wp-content\/uploads\/2023\/08\/CM-1-scaled.jpg\"><img loading=\"lazy\" decoding=\"async\" class=\"size-medium wp-image-4600 alignnone\" src=\"https:\/\/www.svenskkniv.se\/wp-content\/uploads\/2023\/08\/CM-1-222x300.jpg\" alt=\"\" width=\"222\" height=\"300\" srcset=\"https:\/\/www.svenskkniv.se\/wp-content\/uploads\/2023\/08\/CM-1-222x300.jpg 222w, https:\/\/www.svenskkniv.se\/wp-content\/uploads\/2023\/08\/CM-1-759x1024.jpg 759w, https:\/\/www.svenskkniv.se\/wp-content\/uploads\/2023\/08\/CM-1-768x1037.jpg 768w, https:\/\/www.svenskkniv.se\/wp-content\/uploads\/2023\/08\/CM-1-1138x1536.jpg 1138w, https:\/\/www.svenskkniv.se\/wp-content\/uploads\/2023\/08\/CM-1-1517x2048.jpg 1517w, https:\/\/www.svenskkniv.se\/wp-content\/uploads\/2023\/08\/CM-1-111x150.jpg 111w, https:\/\/www.svenskkniv.se\/wp-content\/uploads\/2023\/08\/CM-1-scaled.jpg 1897w\" sizes=\"auto, (max-width: 222px) 100vw, 222px\" \/><\/a><\/div>\n<div class=\"gca-column one-fourth\"><strong>2022 Stol nr 11: Carl Michael Almqvist<\/strong><br \/>Motivering: &#8221;Genom att under m\u00e5nga \u00e5r i Knivmakaren samt sociala medier, b\u00e5de i Sverige och utomlands, frikostigt delat med sig av sitt kunnande inom knivmakeriets olika delar, \u00e4r han o\u00f6vertr\u00e4ffad inom svenskt knivmakeri. Under m\u00e5nga \u00e5r har han ocks\u00e5 varit verksam i Svensk Knivf\u00f6rening.&#8221;<span class=\"s1\"><em>\u00a0<\/em><\/span><\/div>\n<p><span style=\"font-size: revert; color: initial; font-family: -apple-system, BlinkMacSystemFont, 'Segoe UI', Roboto, Oxygen-Sans, Ubuntu, Cantarell, 'Helvetica Neue', sans-serif;\"><div class=\"gca-column one-fourth\"><a href=\"https:\/\/www.svenskkniv.se\/wp-content\/uploads\/2024\/06\/Thomas8.jpg\"><img loading=\"lazy\" decoding=\"async\" class=\"aligncenter wp-image-4725 size-medium\" src=\"https:\/\/www.svenskkniv.se\/wp-content\/uploads\/2024\/06\/Thomas8-200x300.jpg\" alt=\"\" width=\"200\" height=\"300\" srcset=\"https:\/\/www.svenskkniv.se\/wp-content\/uploads\/2024\/06\/Thomas8-200x300.jpg 200w, https:\/\/www.svenskkniv.se\/wp-content\/uploads\/2024\/06\/Thomas8-683x1024.jpg 683w, https:\/\/www.svenskkniv.se\/wp-content\/uploads\/2024\/06\/Thomas8-768x1152.jpg 768w, https:\/\/www.svenskkniv.se\/wp-content\/uploads\/2024\/06\/Thomas8-100x150.jpg 100w, https:\/\/www.svenskkniv.se\/wp-content\/uploads\/2024\/06\/Thomas8.jpg 945w\" sizes=\"auto, (max-width: 200px) 100vw, 200px\" \/><\/a><\/div><div class=\"gca-column one-fourth\"><\/span><strong style=\"font-size: revert; color: initial; font-family: -apple-system, BlinkMacSystemFont, 'Segoe UI', Roboto, Oxygen-Sans, Ubuntu, Cantarell, 'Helvetica Neue', sans-serif;\">2024 Stol nr 12: Thomas L\u00f6fgren<br \/><\/strong>Motivering: &#8221;Du Thomas har genom hela din knivmakarkarri\u00e4r b\u00e5de nationellt och internationellt gener\u00f6st delat med dig av dina kunskaper och erfarenheter. Du har gjort detta i sociala medier, i tryckt form och inte minst verbalt p\u00e5 olika knivtr\u00e4ffar. Du har varit en p\u00e5drivande kraft f\u00f6r en utveckling av svenskt knivhantverk, b\u00e5de utom som inom Svensk Knivf\u00f6rening. Detta syns inte minst i det regelverk som du var en del av f\u00f6r v\u00e5r t\u00e4vlingsverksamhet. F\u00f6r detta vill vi tacka och bel\u00f6na dig med stol nr 12 i \u00c4rans Hus.&#8221;<span class=\"s1\"><em>\u00a0<\/em><\/span><\/div>\n\n\n<div class=\"wp-block-columns is-layout-flex wp-container-core-columns-is-layout-9d6595d7 wp-block-columns-is-layout-flex\">\n<div class=\"wp-block-column is-layout-flow wp-block-column-is-layout-flow\"><\/div>\n\n\n\n<div class=\"wp-block-column is-layout-flow wp-block-column-is-layout-flow\"><\/div>\n<\/div>\n\n\n\n<p><\/p>\n","protected":false},"excerpt":{"rendered":"<p>\u00c4rans Hus \u00e4r en hederstitel som tilldelas personer som haft stor betydelse f\u00f6r knivmakeriet i Sverige. Det \u00e4r styrelsen f\u00f6r Svensk Knivf\u00f6rening som utser de personer som tilldelas denna hederstitel.<\/p>\n","protected":false},"author":123456,"featured_media":0,"parent":0,"menu_order":0,"comment_status":"closed","ping_status":"closed","template":"","meta":{"footnotes":""},"class_list":["post-1210","page","type-page","status-publish","hentry"],"_links":{"self":[{"href":"https:\/\/www.svenskkniv.se\/index.php?rest_route=\/wp\/v2\/pages\/1210","targetHints":{"allow":["GET"]}}],"collection":[{"href":"https:\/\/www.svenskkniv.se\/index.php?rest_route=\/wp\/v2\/pages"}],"about":[{"href":"https:\/\/www.svenskkniv.se\/index.php?rest_route=\/wp\/v2\/types\/page"}],"author":[{"embeddable":true,"href":"https:\/\/www.svenskkniv.se\/index.php?rest_route=\/wp\/v2\/users\/123456"}],"replies":[{"embeddable":true,"href":"https:\/\/www.svenskkniv.se\/index.php?rest_route=%2Fwp%2Fv2%2Fcomments&post=1210"}],"version-history":[{"count":17,"href":"https:\/\/www.svenskkniv.se\/index.php?rest_route=\/wp\/v2\/pages\/1210\/revisions"}],"predecessor-version":[{"id":4731,"href":"https:\/\/www.svenskkniv.se\/index.php?rest_route=\/wp\/v2\/pages\/1210\/revisions\/4731"}],"wp:attachment":[{"href":"https:\/\/www.svenskkniv.se\/index.php?rest_route=%2Fwp%2Fv2%2Fmedia&parent=1210"}],"curies":[{"name":"wp","href":"https:\/\/api.w.org\/{rel}","templated":true}]}}